{"id":806,"date":"2025-06-10T11:42:22","date_gmt":"2025-06-10T11:42:22","guid":{"rendered":"https:\/\/stranociada.ch\/?page_id=806"},"modified":"2026-02-04T14:09:25","modified_gmt":"2026-02-04T14:09:25","slug":"storia","status":"publish","type":"page","link":"https:\/\/stranociada.ch\/index.php\/storia\/","title":{"rendered":"Storia"},"content":{"rendered":"\t\t<div data-elementor-type=\"wp-page\" data-elementor-id=\"806\" class=\"elementor elementor-806\">\n\t\t\t\t<div class=\"elementor-element elementor-element-43bd6d8 e-flex e-con-boxed e-con e-parent\" data-id=\"43bd6d8\" data-element_type=\"container\" data-settings=\"{&quot;background_background&quot;:&quot;classic&quot;,&quot;shape_divider_top&quot;:&quot;wave-brush&quot;,&quot;shape_divider_bottom&quot;:&quot;wave-brush&quot;}\">\n\t\t\t\t\t<div class=\"e-con-inner\">\n\t\t\t\t<div class=\"elementor-shape elementor-shape-top\" aria-hidden=\"true\" data-negative=\"false\">\n\t\t\t<svg xmlns=\"http:\/\/www.w3.org\/2000\/svg\" viewBox=\"0 0 283.5 27.8\" preserveAspectRatio=\"none\">\n\t<path class=\"elementor-shape-fill\" d=\"M283.5,9.7c0,0-7.3,4.3-14,4.6c-6.8,0.3-12.6,0-20.9-1.5c-11.3-2-33.1-10.1-44.7-5.7\ts-12.1,4.6-18,7.4c-6.6,3.2-20,9.6-36.6,9.3C131.6,23.5,99.5,7.2,86.3,8c-1.4,0.1-6.6,0.8-10.5,2c-3.8,1.2-9.4,3.8-17,4.7\tc-3.2,0.4-8.3,1.1-14.2,0.9c-1.5-0.1-6.3-0.4-12-1.6c-5.7-1.2-11-3.1-15.8-3.7C6.5,9.2,0,10.8,0,10.8V0h283.5V9.7z M260.8,11.3\tc-0.7-1-2-0.4-4.3-0.4c-2.3,0-6.1-1.2-5.8-1.1c0.3,0.1,3.1,1.5,6,1.9C259.7,12.2,261.4,12.3,260.8,11.3z M242.4,8.6\tc0,0-2.4-0.2-5.6-0.9c-3.2-0.8-10.3-2.8-15.1-3.5c-8.2-1.1-15.8,0-15.1,0.1c0.8,0.1,9.6-0.6,17.6,1.1c3.3,0.7,9.3,2.2,12.4,2.7\tC239.9,8.7,242.4,8.6,242.4,8.6z M185.2,8.5c1.7-0.7-13.3,4.7-18.5,6.1c-2.1,0.6-6.2,1.6-10,2c-3.9,0.4-8.9,0.4-8.8,0.5\tc0,0.2,5.8,0.8,11.2,0c5.4-0.8,5.2-1.1,7.6-1.6C170.5,14.7,183.5,9.2,185.2,8.5z M199.1,6.9c0.2,0-0.8-0.4-4.8,1.1\tc-4,1.5-6.7,3.5-6.9,3.7c-0.2,0.1,3.5-1.8,6.6-3C197,7.5,199,6.9,199.1,6.9z M283,6c-0.1,0.1-1.9,1.1-4.8,2.5s-6.9,2.8-6.7,2.7\tc0.2,0,3.5-0.6,7.4-2.5C282.8,6.8,283.1,5.9,283,6z M31.3,11.6c0.1-0.2-1.9-0.2-4.5-1.2s-5.4-1.6-7.8-2C15,7.6,7.3,8.5,7.7,8.6\tC8,8.7,15.9,8.3,20.2,9.3c2.2,0.5,2.4,0.5,5.7,1.6S31.2,11.9,31.3,11.6z M73,9.2c0.4-0.1,3.5-1.6,8.4-2.6c4.9-1.1,8.9-0.5,8.9-0.8\tc0-0.3-1-0.9-6.2-0.3S72.6,9.3,73,9.2z M71.6,6.7C71.8,6.8,75,5.4,77.3,5c2.3-0.3,1.9-0.5,1.9-0.6c0-0.1-1.1-0.2-2.7,0.2\tC74.8,5.1,71.4,6.6,71.6,6.7z M93.6,4.4c0.1,0.2,3.5,0.8,5.6,1.8c2.1,1,1.8,0.6,1.9,0.5c0.1-0.1-0.8-0.8-2.4-1.3\tC97.1,4.8,93.5,4.2,93.6,4.4z M65.4,11.1c-0.1,0.3,0.3,0.5,1.9-0.2s2.6-1.3,2.2-1.2s-0.9,0.4-2.5,0.8C65.3,10.9,65.5,10.8,65.4,11.1\tz M34.5,12.4c-0.2,0,2.1,0.8,3.3,0.9c1.2,0.1,2,0.1,2-0.2c0-0.3-0.1-0.5-1.6-0.4C36.6,12.8,34.7,12.4,34.5,12.4z M152.2,21.1\tc-0.1,0.1-2.4-0.3-7.5-0.3c-5,0-13.6-2.4-17.2-3.5c-3.6-1.1,10,3.9,16.5,4.1C150.5,21.6,152.3,21,152.2,21.1z\"\/>\n\t<path class=\"elementor-shape-fill\" d=\"M269.6,18c-0.1-0.1-4.6,0.3-7.2,0c-7.3-0.7-17-3.2-16.6-2.9c0.4,0.3,13.7,3.1,17,3.3\tC267.7,18.8,269.7,18,269.6,18z\"\/>\n\t<path class=\"elementor-shape-fill\" d=\"M227.4,9.8c-0.2-0.1-4.5-1-9.5-1.2c-5-0.2-12.7,0.6-12.3,0.5c0.3-0.1,5.9-1.8,13.3-1.2\tS227.6,9.9,227.4,9.8z\"\/>\n\t<path class=\"elementor-shape-fill\" d=\"M204.5,13.4c-0.1-0.1,2-1,3.2-1.1c1.2-0.1,2,0,2,0.3c0,0.3-0.1,0.5-1.6,0.4\tC206.4,12.9,204.6,13.5,204.5,13.4z\"\/>\n\t<path class=\"elementor-shape-fill\" d=\"M201,10.6c0-0.1-4.4,1.2-6.3,2.2c-1.9,0.9-6.2,3.1-6.1,3.1c0.1,0.1,4.2-1.6,6.3-2.6\tS201,10.7,201,10.6z\"\/>\n\t<path class=\"elementor-shape-fill\" d=\"M154.5,26.7c-0.1-0.1-4.6,0.3-7.2,0c-7.3-0.7-17-3.2-16.6-2.9c0.4,0.3,13.7,3.1,17,3.3\tC152.6,27.5,154.6,26.8,154.5,26.7z\"\/>\n\t<path class=\"elementor-shape-fill\" d=\"M41.9,19.3c0,0,1.2-0.3,2.9-0.1c1.7,0.2,5.8,0.9,8.2,0.7c4.2-0.4,7.4-2.7,7-2.6\tc-0.4,0-4.3,2.2-8.6,1.9c-1.8-0.1-5.1-0.5-6.7-0.4S41.9,19.3,41.9,19.3z\"\/>\n\t<path class=\"elementor-shape-fill\" d=\"M75.5,12.6c0.2,0.1,2-0.8,4.3-1.1c2.3-0.2,2.1-0.3,2.1-0.5c0-0.1-1.8-0.4-3.4,0\tC76.9,11.5,75.3,12.5,75.5,12.6z\"\/>\n\t<path class=\"elementor-shape-fill\" d=\"M15.6,13.2c0-0.1,4.3,0,6.7,0.5c2.4,0.5,5,1.9,5,2c0,0.1-2.7-0.8-5.1-1.4\tC19.9,13.7,15.7,13.3,15.6,13.2z\"\/>\n<\/svg>\t\t<\/div>\n\t\t\t\t<div class=\"elementor-shape elementor-shape-bottom\" aria-hidden=\"true\" data-negative=\"false\">\n\t\t\t<svg xmlns=\"http:\/\/www.w3.org\/2000\/svg\" viewBox=\"0 0 283.5 27.8\" preserveAspectRatio=\"none\">\n\t<path class=\"elementor-shape-fill\" d=\"M283.5,9.7c0,0-7.3,4.3-14,4.6c-6.8,0.3-12.6,0-20.9-1.5c-11.3-2-33.1-10.1-44.7-5.7\ts-12.1,4.6-18,7.4c-6.6,3.2-20,9.6-36.6,9.3C131.6,23.5,99.5,7.2,86.3,8c-1.4,0.1-6.6,0.8-10.5,2c-3.8,1.2-9.4,3.8-17,4.7\tc-3.2,0.4-8.3,1.1-14.2,0.9c-1.5-0.1-6.3-0.4-12-1.6c-5.7-1.2-11-3.1-15.8-3.7C6.5,9.2,0,10.8,0,10.8V0h283.5V9.7z M260.8,11.3\tc-0.7-1-2-0.4-4.3-0.4c-2.3,0-6.1-1.2-5.8-1.1c0.3,0.1,3.1,1.5,6,1.9C259.7,12.2,261.4,12.3,260.8,11.3z M242.4,8.6\tc0,0-2.4-0.2-5.6-0.9c-3.2-0.8-10.3-2.8-15.1-3.5c-8.2-1.1-15.8,0-15.1,0.1c0.8,0.1,9.6-0.6,17.6,1.1c3.3,0.7,9.3,2.2,12.4,2.7\tC239.9,8.7,242.4,8.6,242.4,8.6z M185.2,8.5c1.7-0.7-13.3,4.7-18.5,6.1c-2.1,0.6-6.2,1.6-10,2c-3.9,0.4-8.9,0.4-8.8,0.5\tc0,0.2,5.8,0.8,11.2,0c5.4-0.8,5.2-1.1,7.6-1.6C170.5,14.7,183.5,9.2,185.2,8.5z M199.1,6.9c0.2,0-0.8-0.4-4.8,1.1\tc-4,1.5-6.7,3.5-6.9,3.7c-0.2,0.1,3.5-1.8,6.6-3C197,7.5,199,6.9,199.1,6.9z M283,6c-0.1,0.1-1.9,1.1-4.8,2.5s-6.9,2.8-6.7,2.7\tc0.2,0,3.5-0.6,7.4-2.5C282.8,6.8,283.1,5.9,283,6z M31.3,11.6c0.1-0.2-1.9-0.2-4.5-1.2s-5.4-1.6-7.8-2C15,7.6,7.3,8.5,7.7,8.6\tC8,8.7,15.9,8.3,20.2,9.3c2.2,0.5,2.4,0.5,5.7,1.6S31.2,11.9,31.3,11.6z M73,9.2c0.4-0.1,3.5-1.6,8.4-2.6c4.9-1.1,8.9-0.5,8.9-0.8\tc0-0.3-1-0.9-6.2-0.3S72.6,9.3,73,9.2z M71.6,6.7C71.8,6.8,75,5.4,77.3,5c2.3-0.3,1.9-0.5,1.9-0.6c0-0.1-1.1-0.2-2.7,0.2\tC74.8,5.1,71.4,6.6,71.6,6.7z M93.6,4.4c0.1,0.2,3.5,0.8,5.6,1.8c2.1,1,1.8,0.6,1.9,0.5c0.1-0.1-0.8-0.8-2.4-1.3\tC97.1,4.8,93.5,4.2,93.6,4.4z M65.4,11.1c-0.1,0.3,0.3,0.5,1.9-0.2s2.6-1.3,2.2-1.2s-0.9,0.4-2.5,0.8C65.3,10.9,65.5,10.8,65.4,11.1\tz M34.5,12.4c-0.2,0,2.1,0.8,3.3,0.9c1.2,0.1,2,0.1,2-0.2c0-0.3-0.1-0.5-1.6-0.4C36.6,12.8,34.7,12.4,34.5,12.4z M152.2,21.1\tc-0.1,0.1-2.4-0.3-7.5-0.3c-5,0-13.6-2.4-17.2-3.5c-3.6-1.1,10,3.9,16.5,4.1C150.5,21.6,152.3,21,152.2,21.1z\"\/>\n\t<path class=\"elementor-shape-fill\" d=\"M269.6,18c-0.1-0.1-4.6,0.3-7.2,0c-7.3-0.7-17-3.2-16.6-2.9c0.4,0.3,13.7,3.1,17,3.3\tC267.7,18.8,269.7,18,269.6,18z\"\/>\n\t<path class=\"elementor-shape-fill\" d=\"M227.4,9.8c-0.2-0.1-4.5-1-9.5-1.2c-5-0.2-12.7,0.6-12.3,0.5c0.3-0.1,5.9-1.8,13.3-1.2\tS227.6,9.9,227.4,9.8z\"\/>\n\t<path class=\"elementor-shape-fill\" d=\"M204.5,13.4c-0.1-0.1,2-1,3.2-1.1c1.2-0.1,2,0,2,0.3c0,0.3-0.1,0.5-1.6,0.4\tC206.4,12.9,204.6,13.5,204.5,13.4z\"\/>\n\t<path class=\"elementor-shape-fill\" d=\"M201,10.6c0-0.1-4.4,1.2-6.3,2.2c-1.9,0.9-6.2,3.1-6.1,3.1c0.1,0.1,4.2-1.6,6.3-2.6\tS201,10.7,201,10.6z\"\/>\n\t<path class=\"elementor-shape-fill\" d=\"M154.5,26.7c-0.1-0.1-4.6,0.3-7.2,0c-7.3-0.7-17-3.2-16.6-2.9c0.4,0.3,13.7,3.1,17,3.3\tC152.6,27.5,154.6,26.8,154.5,26.7z\"\/>\n\t<path class=\"elementor-shape-fill\" d=\"M41.9,19.3c0,0,1.2-0.3,2.9-0.1c1.7,0.2,5.8,0.9,8.2,0.7c4.2-0.4,7.4-2.7,7-2.6\tc-0.4,0-4.3,2.2-8.6,1.9c-1.8-0.1-5.1-0.5-6.7-0.4S41.9,19.3,41.9,19.3z\"\/>\n\t<path class=\"elementor-shape-fill\" d=\"M75.5,12.6c0.2,0.1,2-0.8,4.3-1.1c2.3-0.2,2.1-0.3,2.1-0.5c0-0.1-1.8-0.4-3.4,0\tC76.9,11.5,75.3,12.5,75.5,12.6z\"\/>\n\t<path class=\"elementor-shape-fill\" d=\"M15.6,13.2c0-0.1,4.3,0,6.7,0.5c2.4,0.5,5,1.9,5,2c0,0.1-2.7-0.8-5.1-1.4\tC19.9,13.7,15.7,13.3,15.6,13.2z\"\/>\n<\/svg>\t\t<\/div>\n\t\t\t\t<div class=\"elementor-element elementor-element-278e952 elementor-widget elementor-widget-spacer\" data-id=\"278e952\" data-element_type=\"widget\" data-widget_type=\"spacer.default\">\n\t\t\t\t<div class=\"elementor-widget-container\">\n\t\t\t\t\t\t\t<div class=\"elementor-spacer\">\n\t\t\t<div class=\"elementor-spacer-inner\"><\/div>\n\t\t<\/div>\n\t\t\t\t\t\t<\/div>\n\t\t\t\t<\/div>\n\t\t\t\t<div class=\"elementor-element elementor-element-0062008 elementor-widget__width-initial elementor-widget elementor-widget-heading\" data-id=\"0062008\" data-element_type=\"widget\" data-widget_type=\"heading.default\">\n\t\t\t\t<div class=\"elementor-widget-container\">\n\t\t\t\t\t<h2 class=\"elementor-heading-title elementor-size-default\">C'era una volta... <\/h2>\t\t\t\t<\/div>\n\t\t\t\t<\/div>\n\t\t\t\t<div class=\"elementor-element elementor-element-60e1649 elementor-widget elementor-widget-n-accordion\" data-id=\"60e1649\" data-element_type=\"widget\" data-settings=\"{&quot;n_accordion_animation_duration&quot;:{&quot;unit&quot;:&quot;ms&quot;,&quot;size&quot;:300,&quot;sizes&quot;:[]},&quot;default_state&quot;:&quot;expanded&quot;,&quot;max_items_expended&quot;:&quot;one&quot;}\" data-widget_type=\"nested-accordion.default\">\n\t\t\t\t<div class=\"elementor-widget-container\">\n\t\t\t\t\t\t\t<div class=\"e-n-accordion\" aria-label=\"Accordion. Open links with Enter or Space, close with Escape, and navigate with Arrow Keys\">\n\t\t\t\t\t\t<details id=\"e-n-accordion-item-1010\" class=\"e-n-accordion-item\" open>\n\t\t\t\t<summary class=\"e-n-accordion-item-title\" data-accordion-index=\"1\" tabindex=\"0\" aria-expanded=\"true\" aria-controls=\"e-n-accordion-item-1010\" >\n\t\t\t\t\t<span class='e-n-accordion-item-title-header'><div class=\"e-n-accordion-item-title-text\"> La leggenda di due re... <\/div><\/span>\n\t\t\t\t\t\t\t<span class='e-n-accordion-item-title-icon'>\n\t\t\t<span class='e-opened' ><i aria-hidden=\"true\" class=\"icon icon-arrow-up\"><\/i><\/span>\n\t\t\t<span class='e-closed'><i aria-hidden=\"true\" class=\"icon icon-download-arrow\"><\/i><\/span>\n\t\t<\/span>\n\n\t\t\t\t\t\t<\/summary>\n\t\t\t\t<div role=\"region\" aria-labelledby=\"e-n-accordion-item-1010\" class=\"elementor-element elementor-element-dd91d13 e-con-full e-flex e-con e-child\" data-id=\"dd91d13\" data-element_type=\"container\">\n\t\t\t\t<div class=\"elementor-element elementor-element-792cf87 elementor-widget elementor-widget-text-editor\" data-id=\"792cf87\" data-element_type=\"widget\" data-widget_type=\"text-editor.default\">\n\t\t\t\t<div class=\"elementor-widget-container\">\n\t\t\t\t\t\t\t\t\t<p>Molto tempo prima che nascesse la Stranociada, in una Locarno pi\u00f9 lenta e sognante, ma gi\u00e0 piena di spirito, il carnevale si celebrava con fantasia, bicchieri alzati e travestimenti improvvisati. Le strade non erano illuminate a festa, ma bastavano un cilindro, un po\u2019 di musica e tanta voglia di ridere per trasformare la citt\u00e0 in un regno di allegria. In quel carnevale, regnavano <span data-start=\"750\" data-end=\"765\">due sovrani<\/span>, non per eredit\u00e0, ma per vocazione goliardica: <strong data-start=\"767\" data-end=\"781\">Re Kapiler<\/strong>, signore della centrale <strong data-start=\"806\" data-end=\"823\">Piazza Grande<\/strong>, e <strong data-start=\"827\" data-end=\"839\">Re Lipak<\/strong>, sovrano della <strong data-start=\"855\" data-end=\"872\">Citt\u00e0 Vecchia<\/strong> e della sua leggendaria <em data-start=\"897\" data-end=\"904\">lippa<\/em>.<\/p><p data-start=\"907\" data-end=\"1253\">Il primo, pare fosse nato da una <strong data-start=\"823\" data-end=\"856\">bibita frizzante e misteriosa<\/strong>, amata dai locarnesi pi\u00f9 per spirito di appartenenza che per sapore. Si dice che bastasse un po\u2019 di rum per renderla sopportabile, ma era cos\u00ec identitaria da dare il nome a tutta una cittadinanza. Un giorno, un organizzatore di feste cittadine si present\u00f2 a carnevale vestito da sovrano: mantello rosso, chioma bianca, corona di bicchierini (colmi di Kapiler, ovviamente) e scettro con coppa. Fu un successo. Il Kapiler da bevanda divent\u00f2 <strong data-start=\"1298\" data-end=\"1311\">Kapiler I<\/strong>, il primo vero Re del carnevale locarnese.<\/p><p>Il secondo Re abitava pi\u00f9 in su, nel quartiere di <strong data-start=\"1406\" data-end=\"1422\">Sant\u2019Antonio<\/strong>, e si faceva chiamare <strong data-start=\"1445\" data-end=\"1457\">Re Lipak<\/strong> \u2014 un nome che, letto al contrario, nasconde un legame ironico con il suo rivale. Lipak era il <strong data-start=\"1552\" data-end=\"1570\">re della lippa<\/strong>, un gioco popolare fatto di bastoni e riflessi pronti. Era il sovrano di una Locarno pi\u00f9 compatta, pi\u00f9 popolare, pi\u00f9 rumorosa. C\u2019era chi stava con Kapiler e chi con Lipak, e come in ogni favola degna di questo nome, i due si alternavano sul trono, tra satire, sfide e allegrie condivise.<\/p><p data-start=\"1860\" data-end=\"2580\">A dare colore a questi regni c\u2019era anche una bizzarra confraternita: la leggendaria <strong data-start=\"1944\" data-end=\"1965\">Societ\u00e0 dell\u2019Arca<\/strong>. Ispirata al patriarca No\u00e8 (celebrato non tanto per aver salvato gli animali, quanto per aver inventato il vino). Ogni membro incarnava un animale dell\u2019Arca: c\u2019era il Leone (presidente, ovviamente), l\u2019Oca (beveva molto), il Cammello, l\u2019Asino, l\u2019Ippopotamo e perfino il Porco (senza offesa). Uscivano in corteo con cappelli a cilindro e nastri svolazzanti, imitando i versi delle bestie e portando in alto la loro piccola Arca su un\u2019asta.<\/p><p>Ma poi, come tutte le leggende, anche quella dell\u2019Arca vide la sua fine. Un giorno, <strong data-start=\"2666\" data-end=\"2714\">Re Kapiler apparve in tutto il suo splendore<\/strong>, eclissando il corteo degli animali e prendendo definitivamente il trono. L\u2019Arca resistette al diluvio, ma <strong data-start=\"2822\" data-end=\"2851\">fu travolta da un Kapiler<\/strong>. Da allora, il carnevale perse un po\u2019 della sua struttura \u2014 ma non del suo spirito.<\/p><p>Poi, accadde l\u2019inevitabile: <strong data-start=\"2069\" data-end=\"2114\">una tremenda litigata tra Kapiler e Lipak<\/strong>. Nessuno sa pi\u00f9 se fu per gelosia, per un gioco di lippa finito male, o per un bicchiere rovesciato nel posto sbagliato. Ma da quel giorno, <b>i due regni caddero in letargo<\/b>. Il carnevale perse i suoi Re, e rest\u00f2 solo <span data-start=\"2330\" data-end=\"2355\">la risottata popolare<\/span>, che per molti anni si tenne soprattutto in Citt\u00e0 Vecchia, come unico fuoco acceso della tradizione.<\/p>\t\t\t\t\t\t\t\t<\/div>\n\t\t\t\t<\/div>\n\t\t\t\t<\/div>\n\t\t\t\t\t<\/details>\n\t\t\t\t\t\t<details id=\"e-n-accordion-item-1011\" class=\"e-n-accordion-item\" >\n\t\t\t\t<summary class=\"e-n-accordion-item-title\" data-accordion-index=\"2\" tabindex=\"-1\" aria-expanded=\"false\" aria-controls=\"e-n-accordion-item-1011\" >\n\t\t\t\t\t<span class='e-n-accordion-item-title-header'><div class=\"e-n-accordion-item-title-text\"> ... e la nascita di un carnevale!  <\/div><\/span>\n\t\t\t\t\t\t\t<span class='e-n-accordion-item-title-icon'>\n\t\t\t<span class='e-opened' ><i aria-hidden=\"true\" class=\"icon icon-arrow-up\"><\/i><\/span>\n\t\t\t<span class='e-closed'><i aria-hidden=\"true\" class=\"icon icon-download-arrow\"><\/i><\/span>\n\t\t<\/span>\n\n\t\t\t\t\t\t<\/summary>\n\t\t\t\t<div role=\"region\" aria-labelledby=\"e-n-accordion-item-1011\" class=\"elementor-element elementor-element-9d630e5 e-con-full e-flex e-con e-child\" data-id=\"9d630e5\" data-element_type=\"container\">\n\t\t\t\t<div class=\"elementor-element elementor-element-1d7c483 elementor-widget elementor-widget-text-editor\" data-id=\"1d7c483\" data-element_type=\"widget\" data-widget_type=\"text-editor.default\">\n\t\t\t\t<div class=\"elementor-widget-container\">\n\t\t\t\t\t\t\t\t\t<p data-start=\"2458\" data-end=\"2794\">&#8230; fino al 1998! Un nuovo gruppo di temerari decise che era ora di <strong data-start=\"2522\" data-end=\"2550\">riaccendere la scintilla<\/strong>: nacque cos\u00ec <strong data-start=\"2564\" data-end=\"2578\">Locarnaval<\/strong> e, con essa, la <strong data-start=\"2595\" data-end=\"2610\">Stranociada<\/strong> \u2014 una festa notturna fatta di musica, maschere, balli e coriandoli. Una nuova forma di carnevale che riport\u00f2 il sorriso e la confusione creativa nei vicoli della Citt\u00e0 Vecchia.&nbsp;<\/p>\n<p data-start=\"2458\" data-end=\"2794\"><span style=\"font-size: 1rem;\">Per i primi dieci anni, la citt\u00e0 dice &#8220;basta re!&#8221;, e fu cos\u00ec il&nbsp;<\/span><span style=\"font-weight: bold; font-size: 1rem;\">Primo Ministro della citt\u00e0 <\/span><span style=\"font-size: 1rem;\">a radunare la gente in festa. Poi, nel 2010, l&#8217;ascesa al trono del nuovo re, Re Pardo. Una nuova dinastia e il ritorno alla carnascialesca monarchia.&nbsp;<\/span><\/p>\n<p data-start=\"2796\" data-end=\"3206\">E poi, nel 2022, successe qualcosa di magico: <strong data-start=\"2842\" data-end=\"2881\">la risottata torn\u00f2 in Piazza Grande<\/strong>, riappacificando simbolicamente i due antichi sovrani. Tra brindisi, risate e musica, il Carnevale ribadisce la sua essenza: un regno dove ogni cittadino \u00e8 re o regina, almeno per due notti. E mentre i coriandoli cadono leggeri come i sogni di un bambino, si sussurra che Re Kapiler e Re Lipak, nascosti tra la folla, sorridano compiaciuti. <strong data-start=\"3036\" data-end=\"3064\">Le due piazze sono unite<\/strong>, e con loro tutta la citt\u00e0, in un carnevale che non dimentica le sue radici, ma le trasforma ogni anno in una nuova favola da vivere insieme.<\/p>\t\t\t\t\t\t\t\t<\/div>\n\t\t\t\t<\/div>\n\t\t\t\t<\/div>\n\t\t\t\t\t<\/details>\n\t\t\t\t\t<\/div>\n\t\t\t\t\t\t<\/div>\n\t\t\t\t<\/div>\n\t\t\t\t<div class=\"elementor-element elementor-element-bf3a1c8 gallery-spacing-custom elementor-widget elementor-widget-image-gallery\" data-id=\"bf3a1c8\" data-element_type=\"widget\" data-widget_type=\"image-gallery.default\">\n\t\t\t\t<div class=\"elementor-widget-container\">\n\t\t\t\t\t\t\t<div class=\"elementor-image-gallery\">\n\t\t\t<div id='gallery-1' class='gallery galleryid-806 gallery-columns-3 gallery-size-medium_large'><figure class='gallery-item'>\n\t\t\t<div class='gallery-icon landscape'>\n\t\t\t\t<a data-elementor-open-lightbox=\"yes\" data-elementor-lightbox-slideshow=\"bf3a1c8\" data-elementor-lightbox-title=\"-claudio-locarno-suter-verbano-1ikw4\" data-e-action-hash=\"#elementor-action%3Aaction%3Dlightbox%26settings%3DeyJpZCI6ODg1LCJ1cmwiOiJodHRwczpcL1wvc3RyYW5vY2lhZGEuY2hcL3dwLWNvbnRlbnRcL3VwbG9hZHNcLzIwMjVcLzA1XC9jbGF1ZGlvLWxvY2Fybm8tc3V0ZXItdmVyYmFuby0xaWt3NC5qcGciLCJzbGlkZXNob3ciOiJiZjNhMWM4In0%3D\" href='https:\/\/stranociada.ch\/wp-content\/uploads\/2025\/05\/claudio-locarno-suter-verbano-1ikw4.jpg'><img fetchpriority=\"high\" decoding=\"async\" width=\"768\" height=\"576\" src=\"https:\/\/stranociada.ch\/wp-content\/uploads\/2025\/05\/claudio-locarno-suter-verbano-1ikw4-768x576.jpg\" class=\"attachment-medium_large size-medium_large\" alt=\"\" srcset=\"https:\/\/stranociada.ch\/wp-content\/uploads\/2025\/05\/claudio-locarno-suter-verbano-1ikw4-768x576.jpg 768w, https:\/\/stranociada.ch\/wp-content\/uploads\/2025\/05\/claudio-locarno-suter-verbano-1ikw4-300x225.jpg 300w, https:\/\/stranociada.ch\/wp-content\/uploads\/2025\/05\/claudio-locarno-suter-verbano-1ikw4-1024x768.jpg 1024w, https:\/\/stranociada.ch\/wp-content\/uploads\/2025\/05\/claudio-locarno-suter-verbano-1ikw4-1536x1152.jpg 1536w, https:\/\/stranociada.ch\/wp-content\/uploads\/2025\/05\/claudio-locarno-suter-verbano-1ikw4.jpg 1980w\" sizes=\"(max-width: 768px) 100vw, 768px\" \/><\/a>\n\t\t\t<\/div><\/figure><figure class='gallery-item'>\n\t\t\t<div class='gallery-icon landscape'>\n\t\t\t\t<a data-elementor-open-lightbox=\"yes\" data-elementor-lightbox-slideshow=\"bf3a1c8\" data-elementor-lightbox-title=\"-claudio-locarno-suter-verbano-1ikw6\" data-e-action-hash=\"#elementor-action%3Aaction%3Dlightbox%26settings%3DeyJpZCI6ODg0LCJ1cmwiOiJodHRwczpcL1wvc3RyYW5vY2lhZGEuY2hcL3dwLWNvbnRlbnRcL3VwbG9hZHNcLzIwMjVcLzA1XC9jbGF1ZGlvLWxvY2Fybm8tc3V0ZXItdmVyYmFuby0xaWt3Ni5qcGciLCJzbGlkZXNob3ciOiJiZjNhMWM4In0%3D\" href='https:\/\/stranociada.ch\/wp-content\/uploads\/2025\/05\/claudio-locarno-suter-verbano-1ikw6.jpg'><img decoding=\"async\" width=\"768\" height=\"576\" src=\"https:\/\/stranociada.ch\/wp-content\/uploads\/2025\/05\/claudio-locarno-suter-verbano-1ikw6-768x576.jpg\" class=\"attachment-medium_large size-medium_large\" alt=\"\" srcset=\"https:\/\/stranociada.ch\/wp-content\/uploads\/2025\/05\/claudio-locarno-suter-verbano-1ikw6-768x576.jpg 768w, https:\/\/stranociada.ch\/wp-content\/uploads\/2025\/05\/claudio-locarno-suter-verbano-1ikw6-300x225.jpg 300w, https:\/\/stranociada.ch\/wp-content\/uploads\/2025\/05\/claudio-locarno-suter-verbano-1ikw6-1024x768.jpg 1024w, https:\/\/stranociada.ch\/wp-content\/uploads\/2025\/05\/claudio-locarno-suter-verbano-1ikw6-1536x1152.jpg 1536w, https:\/\/stranociada.ch\/wp-content\/uploads\/2025\/05\/claudio-locarno-suter-verbano-1ikw6.jpg 1980w\" sizes=\"(max-width: 768px) 100vw, 768px\" \/><\/a>\n\t\t\t<\/div><\/figure><figure class='gallery-item'>\n\t\t\t<div class='gallery-icon landscape'>\n\t\t\t\t<a data-elementor-open-lightbox=\"yes\" data-elementor-lightbox-slideshow=\"bf3a1c8\" data-elementor-lightbox-title=\"Screenshot 2025-06-10 at 12.54.28\" data-e-action-hash=\"#elementor-action%3Aaction%3Dlightbox%26settings%3DeyJpZCI6OTc0LCJ1cmwiOiJodHRwczpcL1wvc3RyYW5vY2lhZGEuY2hcL3dwLWNvbnRlbnRcL3VwbG9hZHNcLzIwMjVcLzA2XC9TY3JlZW5zaG90LTIwMjUtMDYtMTAtYXQtMTIuNTQuMjgtZTE3NDk1NTMwODEyMTAucG5nIiwic2xpZGVzaG93IjoiYmYzYTFjOCJ9\" href='https:\/\/stranociada.ch\/wp-content\/uploads\/2025\/06\/Screenshot-2025-06-10-at-12.54.28-e1749553081210.png'><img decoding=\"async\" width=\"768\" height=\"580\" src=\"https:\/\/stranociada.ch\/wp-content\/uploads\/2025\/06\/Screenshot-2025-06-10-at-12.54.28-e1749553081210-768x580.png\" class=\"attachment-medium_large size-medium_large\" alt=\"\" srcset=\"https:\/\/stranociada.ch\/wp-content\/uploads\/2025\/06\/Screenshot-2025-06-10-at-12.54.28-e1749553081210-768x580.png 768w, https:\/\/stranociada.ch\/wp-content\/uploads\/2025\/06\/Screenshot-2025-06-10-at-12.54.28-e1749553081210-300x227.png 300w, https:\/\/stranociada.ch\/wp-content\/uploads\/2025\/06\/Screenshot-2025-06-10-at-12.54.28-e1749553081210-1024x774.png 1024w, https:\/\/stranociada.ch\/wp-content\/uploads\/2025\/06\/Screenshot-2025-06-10-at-12.54.28-e1749553081210.png 1252w\" sizes=\"(max-width: 768px) 100vw, 768px\" \/><\/a>\n\t\t\t<\/div><\/figure>\n\t\t<\/div>\n\t\t<\/div>\n\t\t\t\t\t\t<\/div>\n\t\t\t\t<\/div>\n\t\t\t\t<div class=\"elementor-element elementor-element-0432c4f elementor-widget elementor-widget-spacer\" data-id=\"0432c4f\" data-element_type=\"widget\" data-widget_type=\"spacer.default\">\n\t\t\t\t<div class=\"elementor-widget-container\">\n\t\t\t\t\t\t\t<div class=\"elementor-spacer\">\n\t\t\t<div class=\"elementor-spacer-inner\"><\/div>\n\t\t<\/div>\n\t\t\t\t\t\t<\/div>\n\t\t\t\t<\/div>\n\t\t\t\t\t<\/div>\n\t\t\t\t<\/div>\n\t\t<div class=\"elementor-element elementor-element-4a5889f e-flex e-con-boxed e-con e-parent\" data-id=\"4a5889f\" data-element_type=\"container\">\n\t\t\t\t\t<div class=\"e-con-inner\">\n\t\t\t\t<div class=\"elementor-element elementor-element-d8f53a9 elementor-widget elementor-widget-spacer\" data-id=\"d8f53a9\" data-element_type=\"widget\" data-widget_type=\"spacer.default\">\n\t\t\t\t<div class=\"elementor-widget-container\">\n\t\t\t\t\t\t\t<div class=\"elementor-spacer\">\n\t\t\t<div class=\"elementor-spacer-inner\"><\/div>\n\t\t<\/div>\n\t\t\t\t\t\t<\/div>\n\t\t\t\t<\/div>\n\t\t\t\t<div class=\"elementor-element elementor-element-618bc56 elementor-widget__width-initial elementor-widget elementor-widget-heading\" data-id=\"618bc56\" data-element_type=\"widget\" data-widget_type=\"heading.default\">\n\t\t\t\t<div class=\"elementor-widget-container\">\n\t\t\t\t\t<h2 class=\"elementor-heading-title elementor-size-default\">La stranociada negli anni...<\/h2>\t\t\t\t<\/div>\n\t\t\t\t<\/div>\n\t\t\t\t\t<\/div>\n\t\t\t\t<\/div>\n\t\t<div class=\"elementor-element elementor-element-aaa496b e-flex e-con-boxed e-con e-parent\" data-id=\"aaa496b\" data-element_type=\"container\" data-settings=\"{&quot;background_background&quot;:&quot;classic&quot;,&quot;shape_divider_top&quot;:&quot;wave-brush&quot;,&quot;shape_divider_bottom&quot;:&quot;wave-brush&quot;}\">\n\t\t\t\t\t<div class=\"e-con-inner\">\n\t\t\t\t<div class=\"elementor-shape elementor-shape-top\" aria-hidden=\"true\" data-negative=\"false\">\n\t\t\t<svg xmlns=\"http:\/\/www.w3.org\/2000\/svg\" viewBox=\"0 0 283.5 27.8\" preserveAspectRatio=\"none\">\n\t<path class=\"elementor-shape-fill\" d=\"M283.5,9.7c0,0-7.3,4.3-14,4.6c-6.8,0.3-12.6,0-20.9-1.5c-11.3-2-33.1-10.1-44.7-5.7\ts-12.1,4.6-18,7.4c-6.6,3.2-20,9.6-36.6,9.3C131.6,23.5,99.5,7.2,86.3,8c-1.4,0.1-6.6,0.8-10.5,2c-3.8,1.2-9.4,3.8-17,4.7\tc-3.2,0.4-8.3,1.1-14.2,0.9c-1.5-0.1-6.3-0.4-12-1.6c-5.7-1.2-11-3.1-15.8-3.7C6.5,9.2,0,10.8,0,10.8V0h283.5V9.7z M260.8,11.3\tc-0.7-1-2-0.4-4.3-0.4c-2.3,0-6.1-1.2-5.8-1.1c0.3,0.1,3.1,1.5,6,1.9C259.7,12.2,261.4,12.3,260.8,11.3z M242.4,8.6\tc0,0-2.4-0.2-5.6-0.9c-3.2-0.8-10.3-2.8-15.1-3.5c-8.2-1.1-15.8,0-15.1,0.1c0.8,0.1,9.6-0.6,17.6,1.1c3.3,0.7,9.3,2.2,12.4,2.7\tC239.9,8.7,242.4,8.6,242.4,8.6z M185.2,8.5c1.7-0.7-13.3,4.7-18.5,6.1c-2.1,0.6-6.2,1.6-10,2c-3.9,0.4-8.9,0.4-8.8,0.5\tc0,0.2,5.8,0.8,11.2,0c5.4-0.8,5.2-1.1,7.6-1.6C170.5,14.7,183.5,9.2,185.2,8.5z M199.1,6.9c0.2,0-0.8-0.4-4.8,1.1\tc-4,1.5-6.7,3.5-6.9,3.7c-0.2,0.1,3.5-1.8,6.6-3C197,7.5,199,6.9,199.1,6.9z M283,6c-0.1,0.1-1.9,1.1-4.8,2.5s-6.9,2.8-6.7,2.7\tc0.2,0,3.5-0.6,7.4-2.5C282.8,6.8,283.1,5.9,283,6z M31.3,11.6c0.1-0.2-1.9-0.2-4.5-1.2s-5.4-1.6-7.8-2C15,7.6,7.3,8.5,7.7,8.6\tC8,8.7,15.9,8.3,20.2,9.3c2.2,0.5,2.4,0.5,5.7,1.6S31.2,11.9,31.3,11.6z M73,9.2c0.4-0.1,3.5-1.6,8.4-2.6c4.9-1.1,8.9-0.5,8.9-0.8\tc0-0.3-1-0.9-6.2-0.3S72.6,9.3,73,9.2z M71.6,6.7C71.8,6.8,75,5.4,77.3,5c2.3-0.3,1.9-0.5,1.9-0.6c0-0.1-1.1-0.2-2.7,0.2\tC74.8,5.1,71.4,6.6,71.6,6.7z M93.6,4.4c0.1,0.2,3.5,0.8,5.6,1.8c2.1,1,1.8,0.6,1.9,0.5c0.1-0.1-0.8-0.8-2.4-1.3\tC97.1,4.8,93.5,4.2,93.6,4.4z M65.4,11.1c-0.1,0.3,0.3,0.5,1.9-0.2s2.6-1.3,2.2-1.2s-0.9,0.4-2.5,0.8C65.3,10.9,65.5,10.8,65.4,11.1\tz M34.5,12.4c-0.2,0,2.1,0.8,3.3,0.9c1.2,0.1,2,0.1,2-0.2c0-0.3-0.1-0.5-1.6-0.4C36.6,12.8,34.7,12.4,34.5,12.4z M152.2,21.1\tc-0.1,0.1-2.4-0.3-7.5-0.3c-5,0-13.6-2.4-17.2-3.5c-3.6-1.1,10,3.9,16.5,4.1C150.5,21.6,152.3,21,152.2,21.1z\"\/>\n\t<path class=\"elementor-shape-fill\" d=\"M269.6,18c-0.1-0.1-4.6,0.3-7.2,0c-7.3-0.7-17-3.2-16.6-2.9c0.4,0.3,13.7,3.1,17,3.3\tC267.7,18.8,269.7,18,269.6,18z\"\/>\n\t<path class=\"elementor-shape-fill\" d=\"M227.4,9.8c-0.2-0.1-4.5-1-9.5-1.2c-5-0.2-12.7,0.6-12.3,0.5c0.3-0.1,5.9-1.8,13.3-1.2\tS227.6,9.9,227.4,9.8z\"\/>\n\t<path class=\"elementor-shape-fill\" d=\"M204.5,13.4c-0.1-0.1,2-1,3.2-1.1c1.2-0.1,2,0,2,0.3c0,0.3-0.1,0.5-1.6,0.4\tC206.4,12.9,204.6,13.5,204.5,13.4z\"\/>\n\t<path class=\"elementor-shape-fill\" d=\"M201,10.6c0-0.1-4.4,1.2-6.3,2.2c-1.9,0.9-6.2,3.1-6.1,3.1c0.1,0.1,4.2-1.6,6.3-2.6\tS201,10.7,201,10.6z\"\/>\n\t<path class=\"elementor-shape-fill\" d=\"M154.5,26.7c-0.1-0.1-4.6,0.3-7.2,0c-7.3-0.7-17-3.2-16.6-2.9c0.4,0.3,13.7,3.1,17,3.3\tC152.6,27.5,154.6,26.8,154.5,26.7z\"\/>\n\t<path class=\"elementor-shape-fill\" d=\"M41.9,19.3c0,0,1.2-0.3,2.9-0.1c1.7,0.2,5.8,0.9,8.2,0.7c4.2-0.4,7.4-2.7,7-2.6\tc-0.4,0-4.3,2.2-8.6,1.9c-1.8-0.1-5.1-0.5-6.7-0.4S41.9,19.3,41.9,19.3z\"\/>\n\t<path class=\"elementor-shape-fill\" d=\"M75.5,12.6c0.2,0.1,2-0.8,4.3-1.1c2.3-0.2,2.1-0.3,2.1-0.5c0-0.1-1.8-0.4-3.4,0\tC76.9,11.5,75.3,12.5,75.5,12.6z\"\/>\n\t<path class=\"elementor-shape-fill\" d=\"M15.6,13.2c0-0.1,4.3,0,6.7,0.5c2.4,0.5,5,1.9,5,2c0,0.1-2.7-0.8-5.1-1.4\tC19.9,13.7,15.7,13.3,15.6,13.2z\"\/>\n<\/svg>\t\t<\/div>\n\t\t\t\t<div class=\"elementor-shape elementor-shape-bottom\" aria-hidden=\"true\" data-negative=\"false\">\n\t\t\t<svg xmlns=\"http:\/\/www.w3.org\/2000\/svg\" viewBox=\"0 0 283.5 27.8\" preserveAspectRatio=\"none\">\n\t<path class=\"elementor-shape-fill\" d=\"M283.5,9.7c0,0-7.3,4.3-14,4.6c-6.8,0.3-12.6,0-20.9-1.5c-11.3-2-33.1-10.1-44.7-5.7\ts-12.1,4.6-18,7.4c-6.6,3.2-20,9.6-36.6,9.3C131.6,23.5,99.5,7.2,86.3,8c-1.4,0.1-6.6,0.8-10.5,2c-3.8,1.2-9.4,3.8-17,4.7\tc-3.2,0.4-8.3,1.1-14.2,0.9c-1.5-0.1-6.3-0.4-12-1.6c-5.7-1.2-11-3.1-15.8-3.7C6.5,9.2,0,10.8,0,10.8V0h283.5V9.7z M260.8,11.3\tc-0.7-1-2-0.4-4.3-0.4c-2.3,0-6.1-1.2-5.8-1.1c0.3,0.1,3.1,1.5,6,1.9C259.7,12.2,261.4,12.3,260.8,11.3z M242.4,8.6\tc0,0-2.4-0.2-5.6-0.9c-3.2-0.8-10.3-2.8-15.1-3.5c-8.2-1.1-15.8,0-15.1,0.1c0.8,0.1,9.6-0.6,17.6,1.1c3.3,0.7,9.3,2.2,12.4,2.7\tC239.9,8.7,242.4,8.6,242.4,8.6z M185.2,8.5c1.7-0.7-13.3,4.7-18.5,6.1c-2.1,0.6-6.2,1.6-10,2c-3.9,0.4-8.9,0.4-8.8,0.5\tc0,0.2,5.8,0.8,11.2,0c5.4-0.8,5.2-1.1,7.6-1.6C170.5,14.7,183.5,9.2,185.2,8.5z M199.1,6.9c0.2,0-0.8-0.4-4.8,1.1\tc-4,1.5-6.7,3.5-6.9,3.7c-0.2,0.1,3.5-1.8,6.6-3C197,7.5,199,6.9,199.1,6.9z M283,6c-0.1,0.1-1.9,1.1-4.8,2.5s-6.9,2.8-6.7,2.7\tc0.2,0,3.5-0.6,7.4-2.5C282.8,6.8,283.1,5.9,283,6z M31.3,11.6c0.1-0.2-1.9-0.2-4.5-1.2s-5.4-1.6-7.8-2C15,7.6,7.3,8.5,7.7,8.6\tC8,8.7,15.9,8.3,20.2,9.3c2.2,0.5,2.4,0.5,5.7,1.6S31.2,11.9,31.3,11.6z M73,9.2c0.4-0.1,3.5-1.6,8.4-2.6c4.9-1.1,8.9-0.5,8.9-0.8\tc0-0.3-1-0.9-6.2-0.3S72.6,9.3,73,9.2z M71.6,6.7C71.8,6.8,75,5.4,77.3,5c2.3-0.3,1.9-0.5,1.9-0.6c0-0.1-1.1-0.2-2.7,0.2\tC74.8,5.1,71.4,6.6,71.6,6.7z M93.6,4.4c0.1,0.2,3.5,0.8,5.6,1.8c2.1,1,1.8,0.6,1.9,0.5c0.1-0.1-0.8-0.8-2.4-1.3\tC97.1,4.8,93.5,4.2,93.6,4.4z M65.4,11.1c-0.1,0.3,0.3,0.5,1.9-0.2s2.6-1.3,2.2-1.2s-0.9,0.4-2.5,0.8C65.3,10.9,65.5,10.8,65.4,11.1\tz M34.5,12.4c-0.2,0,2.1,0.8,3.3,0.9c1.2,0.1,2,0.1,2-0.2c0-0.3-0.1-0.5-1.6-0.4C36.6,12.8,34.7,12.4,34.5,12.4z M152.2,21.1\tc-0.1,0.1-2.4-0.3-7.5-0.3c-5,0-13.6-2.4-17.2-3.5c-3.6-1.1,10,3.9,16.5,4.1C150.5,21.6,152.3,21,152.2,21.1z\"\/>\n\t<path class=\"elementor-shape-fill\" d=\"M269.6,18c-0.1-0.1-4.6,0.3-7.2,0c-7.3-0.7-17-3.2-16.6-2.9c0.4,0.3,13.7,3.1,17,3.3\tC267.7,18.8,269.7,18,269.6,18z\"\/>\n\t<path class=\"elementor-shape-fill\" d=\"M227.4,9.8c-0.2-0.1-4.5-1-9.5-1.2c-5-0.2-12.7,0.6-12.3,0.5c0.3-0.1,5.9-1.8,13.3-1.2\tS227.6,9.9,227.4,9.8z\"\/>\n\t<path class=\"elementor-shape-fill\" d=\"M204.5,13.4c-0.1-0.1,2-1,3.2-1.1c1.2-0.1,2,0,2,0.3c0,0.3-0.1,0.5-1.6,0.4\tC206.4,12.9,204.6,13.5,204.5,13.4z\"\/>\n\t<path class=\"elementor-shape-fill\" d=\"M201,10.6c0-0.1-4.4,1.2-6.3,2.2c-1.9,0.9-6.2,3.1-6.1,3.1c0.1,0.1,4.2-1.6,6.3-2.6\tS201,10.7,201,10.6z\"\/>\n\t<path class=\"elementor-shape-fill\" d=\"M154.5,26.7c-0.1-0.1-4.6,0.3-7.2,0c-7.3-0.7-17-3.2-16.6-2.9c0.4,0.3,13.7,3.1,17,3.3\tC152.6,27.5,154.6,26.8,154.5,26.7z\"\/>\n\t<path class=\"elementor-shape-fill\" d=\"M41.9,19.3c0,0,1.2-0.3,2.9-0.1c1.7,0.2,5.8,0.9,8.2,0.7c4.2-0.4,7.4-2.7,7-2.6\tc-0.4,0-4.3,2.2-8.6,1.9c-1.8-0.1-5.1-0.5-6.7-0.4S41.9,19.3,41.9,19.3z\"\/>\n\t<path class=\"elementor-shape-fill\" d=\"M75.5,12.6c0.2,0.1,2-0.8,4.3-1.1c2.3-0.2,2.1-0.3,2.1-0.5c0-0.1-1.8-0.4-3.4,0\tC76.9,11.5,75.3,12.5,75.5,12.6z\"\/>\n\t<path class=\"elementor-shape-fill\" d=\"M15.6,13.2c0-0.1,4.3,0,6.7,0.5c2.4,0.5,5,1.9,5,2c0,0.1-2.7-0.8-5.1-1.4\tC19.9,13.7,15.7,13.3,15.6,13.2z\"\/>\n<\/svg>\t\t<\/div>\n\t\t\t\t<div class=\"elementor-element elementor-element-c5c06f7 elementor-widget elementor-widget-spacer\" data-id=\"c5c06f7\" data-element_type=\"widget\" data-widget_type=\"spacer.default\">\n\t\t\t\t<div class=\"elementor-widget-container\">\n\t\t\t\t\t\t\t<div class=\"elementor-spacer\">\n\t\t\t<div class=\"elementor-spacer-inner\"><\/div>\n\t\t<\/div>\n\t\t\t\t\t\t<\/div>\n\t\t\t\t<\/div>\n\t\t\t\t<div class=\"elementor-element elementor-element-aeaa4a9 elementor-widget elementor-widget-ucaddon_unlimited_timeline\" data-id=\"aeaa4a9\" data-element_type=\"widget\" data-widget_type=\"ucaddon_unlimited_timeline.default\">\n\t\t\t\t<div class=\"elementor-widget-container\">\n\t\t\t\t\t\n<!-- start Unlimited Timeline -->\n\t\t<link id='font-awesome-css' href='https:\/\/stranociada.ch\/wp-content\/plugins\/unlimited-elements-for-elementor\/assets_libraries\/font-awesome6\/fontawesome-all.min.css' type='text\/css' rel='stylesheet' >\n\t\t<link id='font-awesome-4-shim-css' href='https:\/\/stranociada.ch\/wp-content\/plugins\/unlimited-elements-for-elementor\/assets_libraries\/font-awesome6\/fontawesome-v4-shims.min.css' type='text\/css' rel='stylesheet' >\n\n<style>\/* widget: Unlimited Timeline *\/\n\n\r\n@keyframes uc_unlimited_timeline_elementor_aeaa4a9__item-animation {\r\n  0% {\r\n            \r\n        \t        \tfilter: blur(10px);\r\n\t\t\t\r\n    \t    opacity: 0;\r\n  }\r\n  100% {\r\n            \r\n        \t            filter: blur(0px);\r\n            \r\n    \t\topacity: 1;\r\n  }\r\n}\r\n\r\n\r\n#uc_unlimited_timeline_elementor_aeaa4a9 .ue_timeline_item{\r\n\topacity:0;\r\n}\r\n\r\n\r\n#uc_unlimited_timeline_elementor_aeaa4a9 .uc-entrance-animate {\r\n  opacity:1;\r\n}\r\n\r\n#uc_unlimited_timeline_elementor_aeaa4a9 .uc-entrance-animate {\r\n\tanimation: uc_unlimited_timeline_elementor_aeaa4a9__item-animation 0.6s cubic-bezier(0.470, 0.000, 0.745, 0.715) both;\r\n}\r\n\r\n\t\t\t\n\n#uc_unlimited_timeline_elementor_aeaa4a9{\n  direction:ltr;\n}\n\n#uc_unlimited_timeline_elementor_aeaa4a9 *{\n  box-sizing:border-box;\n}\n\n#uc_unlimited_timeline_elementor_aeaa4a9 .ue_timeline_item{\n  display:flex;\n  flex-direction:row-reverse;\n}\n\n#uc_unlimited_timeline_elementor_aeaa4a9 .ue_timeline_item_icon{\n  display:flex;\n  flex-direction:column;\n  align-items:center;\n}\n\n#uc_unlimited_timeline_elementor_aeaa4a9 .ue_timeline_item_icon_line{\n  flex-grow:1;\n}\n\n#uc_unlimited_timeline_elementor_aeaa4a9 .ue_timeline_item_icon_line_offset{\n  flex-grow:0;\n  flex-shrink:0;\n}\n\n#uc_unlimited_timeline_elementor_aeaa4a9 .ue_timeline_item_icon_holder{\n  display:flex;\n  justify-content:center;\n  align-items:center;\n  line-height:1em;\n  flex-direction:column;\n  transition: all 0.4s ease-in-out;\n  text-align: center;\n}\n\n#uc_unlimited_timeline_elementor_aeaa4a9 .ue_timeline_item_icon_holder svg{\n  height:1em;\n  width:1em;\n}\n\n#uc_unlimited_timeline_elementor_aeaa4a9 .ue_timeline_item_content{\n  flex:1;\n  flex-shrink:0;\n  flex-direction:row-reverse;\n}\n\n#uc_unlimited_timeline_elementor_aeaa4a9 .ue_timeline_item_spacer{\n  flex:1;\n  flex-shrink:0;\n}\n\n#uc_unlimited_timeline_elementor_aeaa4a9 .ue_timeline_item_content_main{\n  flex-grow:1;\n  word-break: break-word;\n  transition: all .3s;\n  position: relative;\n}\n\n#uc_unlimited_timeline_elementor_aeaa4a9 .ue_timeline_item_content_main_link{\n  position: absolute;\n  width: 100%;\n  height: 100%;\n  left: 0;\n  top: 0;\n  display: block;\n}\n\n#uc_unlimited_timeline_elementor_aeaa4a9 .ue_timeline_item_content{\n  display:flex;\n}\n\n#uc_unlimited_timeline_elementor_aeaa4a9 .ue_timeline_item_pointer_spacer{\n  flex-grow:0;\n  flex-shrink:0;\n}\n\n#uc_unlimited_timeline_elementor_aeaa4a9 .ue_timeline_item_icon{\n  flex-grow:0;\n  flex-shrink:0;\n}\n\n#uc_unlimited_timeline_elementor_aeaa4a9 .ue_timeline_item_pointer{  \n  flex-grow:0;\n  flex-shrink:0;\n  margin-top:0px;\n  position:relative;\n}\n\n#uc_unlimited_timeline_elementor_aeaa4a9 .ue_timeline_item .ue_timeline_item_content .ue_timeline_item_pointer .ue_timeline_item_pointer_inside{\n  position:relative;\n  clip-path: polygon(0 50%, 100% 0, 100% 100%);\n  transition: all .3s;\n}\n\n  #uc_unlimited_timeline_elementor_aeaa4a9 .ue_timeline_item:last-child .ue_timeline_item_icon_line{\n    display:none;\n  }\n\t\n\n#uc_unlimited_timeline_elementor_aeaa4a9 .ue_timeline_item:last-child .ue_timeline_item_content{\n  margin-bottom:0px;\n}\n\n#uc_unlimited_timeline_elementor_aeaa4a9 .ue_timeline_item_spacer  {\n  display:none;\n}\n\n  #uc_unlimited_timeline_elementor_aeaa4a9 .ue_timeline_item:nth-child(odd)    {\n   flex-direction:row;\n  }\n\n  #uc_unlimited_timeline_elementor_aeaa4a9 .ue_timeline_item:nth-child(odd) .ue_timeline_item_content{\n   flex-direction:row;\n  } \n\n  #uc_unlimited_timeline_elementor_aeaa4a9 .ue_timeline_item_spacer  {\n    display:block;\n  }\n\n  #uc_unlimited_timeline_elementor_aeaa4a9 .ue_timeline_item:nth-child(odd) .ue_timeline_item_content .ue_timeline_item_pointer .ue_timeline_item_pointer_inside{ \n   clip-path: polygon(100% 50%, 0 0, 0 100%);\n  }\n\t\n\n#uc_unlimited_timeline_elementor_aeaa4a9 .ue_timeline_item_button{\n\tdisplay: flex;\n  \talign-items: center;\n}\n\n#uc_unlimited_timeline_elementor_aeaa4a9 .ue_timeline_item_link{\n\tcursor: pointer;\n  \ttransition: all .3s;\n}\n\n\n.ue_timeline_item_title{\n  font-size:21px;\n}\n\n.ue_text_one, .ue_text_two, .ue_text_three{\n  font-size:14px;\n  line-height:1.1em;\n}\n\n.ue_timeline_item_icon_line_mask, .ue_timeline_item_icon_line_offset_mask {\n  width: 100%;\n  height: 0%;\n  max-height: 100%;\n  will-change: height;\n}\n\n#uc_unlimited_timeline_elementor_aeaa4a9 .ue_timeline_item_line_icon_holder{\n  position: relative;\n}\n\n#uc_unlimited_timeline_elementor_aeaa4a9 .ue_timeline_item_line_floating_icon,\n#uc_unlimited_timeline_elementor_aeaa4a9 .ue_timeline_item_line_floating_icon-offset{\n  position: absolute;\n  bottom: 0;\n  left: 50%;\n  transform: translate(-50%, 0%);\n  opacity: 0;\n  display: none;\n  }\n\n#uc_unlimited_timeline_elementor_aeaa4a9 .ue_timeline_floating_icon{\n  display:flex;\n  opacity: 1;\n  justify-content:center;\n  align-items:center;\n  line-height:1em;\n  flex-direction:column;\n  transition: all 0.4s ease-in-out;\n  text-align: center;\n}\n  \n#uc_unlimited_timeline_elementor_aeaa4a9 .ue_timeline_item_image{\nobject-fit: cover;\n}\n\n#uc_unlimited_timeline_elementor_aeaa4a9 .ue_timeline_item_content_inside{\n  position:relative;\n}\n\n#uc_unlimited_timeline_elementor_aeaa4a9 .ue_timeline_item_content_main{\n  position:relative;\n  overflow:hidden;\n}\n\n\n@media only screen and (max-width: 768px) {\n  #uc_unlimited_timeline_elementor_aeaa4a9 .ue_timeline_item{\n    flex-direction:row-reverse !important;\n  }\n\n  #uc_unlimited_timeline_elementor_aeaa4a9 .ue_timeline_item .ue_timeline_item_content{\n   flex-direction:row-reverse !important;\n  }\n  \n  #uc_unlimited_timeline_elementor_aeaa4a9 .ue_timeline_item_spacer  {\n    display:none;\n  }\n  \n  #uc_unlimited_timeline_elementor_aeaa4a9 .ue_timeline_item .ue_timeline_item_content .ue_timeline_item_pointer .ue_timeline_item_pointer_inside  { \n   clip-path: polygon(0 50%, 100% 0, 100% 100%) !important;\n  }  \n}\n#uc_unlimited_timeline_elementor_aeaa4a9 .ue_timeline_item_img_wrapper{\n  display: flex;\n}\n#uc_unlimited_timeline_elementor_aeaa4a9 .ue_timeline_item:nth-child(even) .ue_timeline_item_img_wrapper{\n  justify-content: flex-end;\n}\n#uc_unlimited_timeline_elementor_aeaa4a9 .ue_timeline_item:nth-child(odd) .ue_timeline_item_img_wrapper{\n  justify-content: flex-start;\n}\n\t\n\n\n\n\n\n\t\n\n\n\n\n\n\t\n\n\n\n\n\n\t\n\n\n\n\n\n\t\n\n\n\n\n\n\t\n\n\n\n\n\n\t\n\n\n\n\n\n\t\n\n\n\n\n\n\t\n\n\n\n\n\n\t\n\n\n\n\n\n\n\n<\/style>\n\n<div id=\"uc_unlimited_timeline_elementor_aeaa4a9\" class=\"uc-items-wrapper \"  >\n  \n<div class=\"ue_timeline_item elementor-repeater-item-e5efba9 \" id=\"uc_unlimited_timeline_elementor_aeaa4a9_item1\">\n    <div class=\"ue_timeline_item_content\">\n      \n      <div class=\"ue_timeline_item_content_main\">\n        \n                                <img loading=\"lazy\" decoding=\"async\" class=\"ue_timeline_item_image\" src=\"https:\/\/stranociada.ch\/wp-content\/uploads\/2026\/02\/WhatsApp-Image-2026-01-29-at-21.01.02-2-768x512.jpeg\"  src=\"https:\/\/stranociada.ch\/wp-content\/uploads\/2026\/02\/WhatsApp-Image-2026-01-29-at-21.01.02-2-768x512.jpeg\" alt=\"WhatsApp Image 2026-01-29 at 21.01\" width=\"768\" height=\"512\">\n                          \n        <div class=\"ue_timeline_item_content_inside\">\n                <div class=\"ue_timeline_item_title\" >2026: al via la STRACENADA!<\/div>                <div class=\"ue_timeline_item_text\"><p>Si aggiunge una serata di festa: la STRACENADA! Gli organizzatori aprono le porte del capannone principale gi\u00e0 da gioved\u00ec sera per una serata conviviale e folkloristica: cena, tombolata, musica e tanto divertimento!\u00a0\u00a0<\/p><\/div>\t\n      \t          \n        <\/div>\n              <\/div>\n      \n            <div class=\"ue_timeline_item_pointer\">\n        <div class=\"ue_timeline_item_pointer_inside\"><\/div>\n      <\/div>\n            \n      <div class=\"ue_timeline_item_pointer_spacer\"><\/div>\n      \n    <\/div>\n  \n    <div class=\"ue_timeline_item_icon\">\n      <div class=\"ue_timeline_item_icon_line_offset\">\n      \t<div class=\"ue_timeline_item_icon_line_offset_mask ue_timeline_item_line_icon_holder\">\n          <div class=\"ue_timeline_item_line_floating_icon-offset ue_timeline_floating_icon\"><i class='fas fa-crown'><\/i><\/div>\n        <\/div>\n      <\/div>\n      <div class=\"ue_timeline_item_icon_holder\">\n                                      <\/div>\n      \n      <div class=\"ue_timeline_item_icon_line\">\n      \t<div class=\"ue_timeline_item_icon_line_mask ue_timeline_item_line_icon_holder\">\n          <div class=\"ue_timeline_item_line_floating_icon ue_timeline_floating_icon\"><i class='fas fa-crown'><\/i><\/div>\n        <\/div>\n      <\/div>\n      \n    <\/div>\n    <div class=\"ue_timeline_item_spacer\">\n        \t<\/div>\n  <\/div>\n\n<div class=\"ue_timeline_item elementor-repeater-item-76776df \" id=\"uc_unlimited_timeline_elementor_aeaa4a9_item2\">\n    <div class=\"ue_timeline_item_content\">\n      \n      <div class=\"ue_timeline_item_content_main\">\n        \n                                <img loading=\"lazy\" decoding=\"async\" class=\"ue_timeline_item_image\" src=\"https:\/\/stranociada.ch\/wp-content\/uploads\/2025\/05\/CR2_3034-768x512.jpg\"  src=\"https:\/\/stranociada.ch\/wp-content\/uploads\/2025\/05\/CR2_3034-768x512.jpg\" alt=\"venerd\u00ec\" width=\"768\" height=\"512\">\n                          \n        <div class=\"ue_timeline_item_content_inside\">\n                <div class=\"ue_timeline_item_title\" >2024: Strabociada da record!<\/div>                <div class=\"ue_timeline_item_text\"><p>Carnevale: festa per grandi e... piccini! La Strabociada, con il suo migliaio di mascherine colorate, diventa parte integrante del programma della Stranociada.\u00a0<\/p><p>Antonio Cicero subentra come nuovo presidente.\u00a0<\/p><\/div>\t\n      \t          \n        <\/div>\n              <\/div>\n      \n            <div class=\"ue_timeline_item_pointer\">\n        <div class=\"ue_timeline_item_pointer_inside\"><\/div>\n      <\/div>\n            \n      <div class=\"ue_timeline_item_pointer_spacer\"><\/div>\n      \n    <\/div>\n  \n    <div class=\"ue_timeline_item_icon\">\n      <div class=\"ue_timeline_item_icon_line_offset\">\n      \t<div class=\"ue_timeline_item_icon_line_offset_mask ue_timeline_item_line_icon_holder\">\n          <div class=\"ue_timeline_item_line_floating_icon-offset ue_timeline_floating_icon\"><i class='fas fa-crown'><\/i><\/div>\n        <\/div>\n      <\/div>\n      <div class=\"ue_timeline_item_icon_holder\">\n                                      <\/div>\n      \n      <div class=\"ue_timeline_item_icon_line\">\n      \t<div class=\"ue_timeline_item_icon_line_mask ue_timeline_item_line_icon_holder\">\n          <div class=\"ue_timeline_item_line_floating_icon ue_timeline_floating_icon\"><i class='fas fa-crown'><\/i><\/div>\n        <\/div>\n      <\/div>\n      \n    <\/div>\n    <div class=\"ue_timeline_item_spacer\">\n        \t<\/div>\n  <\/div>\n\n<div class=\"ue_timeline_item elementor-repeater-item-aca967f \" id=\"uc_unlimited_timeline_elementor_aeaa4a9_item3\">\n    <div class=\"ue_timeline_item_content\">\n      \n      <div class=\"ue_timeline_item_content_main\">\n        \n                                <img loading=\"lazy\" decoding=\"async\" class=\"ue_timeline_item_image\" src=\"https:\/\/stranociada.ch\/wp-content\/uploads\/2025\/05\/L4I0272-768x512.jpg\"  src=\"https:\/\/stranociada.ch\/wp-content\/uploads\/2025\/05\/L4I0272-768x512.jpg\" alt=\"Venerdi\" width=\"768\" height=\"512\">\n                          \n        <div class=\"ue_timeline_item_content_inside\">\n                <div class=\"ue_timeline_item_title\" >2023: nuova formula, nuova regina<\/div>                <div class=\"ue_timeline_item_text\"><p>La Stranociada riparte con il botto: nuova formula, nuove date, nuova regina! Re Pardo II incorona la sua regina, Carlotta I (Denise Jelmolini). L'appuntamento cadr\u00e0, d'ora in poi, due settimane prima del Rabadan e durer\u00e0 3 giorni: 2 notti di festa in citt\u00e0 Vecchia venerd\u00ec e sabato, e la risottata in Piazza Grande la domenica!<\/p><\/div>\t\n      \t          \n        <\/div>\n              <\/div>\n      \n            <div class=\"ue_timeline_item_pointer\">\n        <div class=\"ue_timeline_item_pointer_inside\"><\/div>\n      <\/div>\n            \n      <div class=\"ue_timeline_item_pointer_spacer\"><\/div>\n      \n    <\/div>\n  \n    <div class=\"ue_timeline_item_icon\">\n      <div class=\"ue_timeline_item_icon_line_offset\">\n      \t<div class=\"ue_timeline_item_icon_line_offset_mask ue_timeline_item_line_icon_holder\">\n          <div class=\"ue_timeline_item_line_floating_icon-offset ue_timeline_floating_icon\"><i class='fas fa-crown'><\/i><\/div>\n        <\/div>\n      <\/div>\n      <div class=\"ue_timeline_item_icon_holder\">\n                                      <\/div>\n      \n      <div class=\"ue_timeline_item_icon_line\">\n      \t<div class=\"ue_timeline_item_icon_line_mask ue_timeline_item_line_icon_holder\">\n          <div class=\"ue_timeline_item_line_floating_icon ue_timeline_floating_icon\"><i class='fas fa-crown'><\/i><\/div>\n        <\/div>\n      <\/div>\n      \n    <\/div>\n    <div class=\"ue_timeline_item_spacer\">\n        \t<\/div>\n  <\/div>\n\n<div class=\"ue_timeline_item elementor-repeater-item-bff5bde \" id=\"uc_unlimited_timeline_elementor_aeaa4a9_item4\">\n    <div class=\"ue_timeline_item_content\">\n      \n      <div class=\"ue_timeline_item_content_main\">\n        \n                                <img loading=\"lazy\" decoding=\"async\" class=\"ue_timeline_item_image\" src=\"https:\/\/stranociada.ch\/wp-content\/uploads\/2025\/05\/PG_0009-768x512.jpg\"  src=\"https:\/\/stranociada.ch\/wp-content\/uploads\/2025\/05\/PG_0009-768x512.jpg\" alt=\"Carnevale Locarno\" width=\"768\" height=\"512\">\n                          \n        <div class=\"ue_timeline_item_content_inside\">\n                <div class=\"ue_timeline_item_title\" >2022: il risotto torna in Piazza Grande<\/div>                <div class=\"ue_timeline_item_text\"><p>Dopo quasi 2 anni di pausa forzata, la Stranociada freme di tornare tra la gente. Il rinnovato comitato, capitanato da Lorenzo Manfredi riparte con la Strarisotada. Nell'attesa di tornare a festeggiare in Citt\u00e0 Vecchia, il carnevale torna, dopo parecchi anni, nel cuore della citt\u00e0: la Piazza Grande.<\/p><p><strong>Il comitato <\/strong>(da sinistra a destra): Emilio Pozzi, Elisa Iuva, Lorenzo Manfredi, Elisa Bazzi, Aleksandar Bauk, Flavio Sassi, Luigi Bazzi\u00a0<\/p><\/div>\t\n      \t          \n        <\/div>\n              <\/div>\n      \n            <div class=\"ue_timeline_item_pointer\">\n        <div class=\"ue_timeline_item_pointer_inside\"><\/div>\n      <\/div>\n            \n      <div class=\"ue_timeline_item_pointer_spacer\"><\/div>\n      \n    <\/div>\n  \n    <div class=\"ue_timeline_item_icon\">\n      <div class=\"ue_timeline_item_icon_line_offset\">\n      \t<div class=\"ue_timeline_item_icon_line_offset_mask ue_timeline_item_line_icon_holder\">\n          <div class=\"ue_timeline_item_line_floating_icon-offset ue_timeline_floating_icon\"><i class='fas fa-crown'><\/i><\/div>\n        <\/div>\n      <\/div>\n      <div class=\"ue_timeline_item_icon_holder\">\n                                      <\/div>\n      \n      <div class=\"ue_timeline_item_icon_line\">\n      \t<div class=\"ue_timeline_item_icon_line_mask ue_timeline_item_line_icon_holder\">\n          <div class=\"ue_timeline_item_line_floating_icon ue_timeline_floating_icon\"><i class='fas fa-crown'><\/i><\/div>\n        <\/div>\n      <\/div>\n      \n    <\/div>\n    <div class=\"ue_timeline_item_spacer\">\n        \t<\/div>\n  <\/div>\n\n<div class=\"ue_timeline_item elementor-repeater-item-3e94531 \" id=\"uc_unlimited_timeline_elementor_aeaa4a9_item5\">\n    <div class=\"ue_timeline_item_content\">\n      \n      <div class=\"ue_timeline_item_content_main\">\n        \n                                <img loading=\"lazy\" decoding=\"async\" class=\"ue_timeline_item_image\" src=\"https:\/\/stranociada.ch\/wp-content\/uploads\/2025\/05\/ChatGPT-Image-May-22-2025-11_28_04-AM-768x512.png\"  src=\"https:\/\/stranociada.ch\/wp-content\/uploads\/2025\/05\/ChatGPT-Image-May-22-2025-11_28_04-AM-768x512.png\" alt=\"covid\" width=\"768\" height=\"512\">\n                          \n        <div class=\"ue_timeline_item_content_inside\">\n                <div class=\"ue_timeline_item_title\" >2021... corona e mascherine<\/div>                <div class=\"ue_timeline_item_text\"><p>Nel 2020 la pandemia covid-19 sfiora per un pelo i festeggiamenti che hanno ancora luogo. Un anno dopo il carnevale di Locarno si ritrova, come molte altre organizzazioni, davanti a uno stop forzato. Chi avrebbe mai detto che \"corona\" e \"mascherine\" potessero assumere un significato cosi diverso...<\/p><\/div>\t\n      \t          \n        <\/div>\n              <\/div>\n      \n            <div class=\"ue_timeline_item_pointer\">\n        <div class=\"ue_timeline_item_pointer_inside\"><\/div>\n      <\/div>\n            \n      <div class=\"ue_timeline_item_pointer_spacer\"><\/div>\n      \n    <\/div>\n  \n    <div class=\"ue_timeline_item_icon\">\n      <div class=\"ue_timeline_item_icon_line_offset\">\n      \t<div class=\"ue_timeline_item_icon_line_offset_mask ue_timeline_item_line_icon_holder\">\n          <div class=\"ue_timeline_item_line_floating_icon-offset ue_timeline_floating_icon\"><i class='fas fa-crown'><\/i><\/div>\n        <\/div>\n      <\/div>\n      <div class=\"ue_timeline_item_icon_holder\">\n                                      <\/div>\n      \n      <div class=\"ue_timeline_item_icon_line\">\n      \t<div class=\"ue_timeline_item_icon_line_mask ue_timeline_item_line_icon_holder\">\n          <div class=\"ue_timeline_item_line_floating_icon ue_timeline_floating_icon\"><i class='fas fa-crown'><\/i><\/div>\n        <\/div>\n      <\/div>\n      \n    <\/div>\n    <div class=\"ue_timeline_item_spacer\">\n        \t<\/div>\n  <\/div>\n\n<div class=\"ue_timeline_item elementor-repeater-item-7d5f1fe \" id=\"uc_unlimited_timeline_elementor_aeaa4a9_item6\">\n    <div class=\"ue_timeline_item_content\">\n      \n      <div class=\"ue_timeline_item_content_main\">\n        \n                                <img loading=\"lazy\" decoding=\"async\" class=\"ue_timeline_item_image\" src=\"https:\/\/stranociada.ch\/wp-content\/uploads\/2025\/05\/CW_0488-2-768x512.jpg\"  src=\"https:\/\/stranociada.ch\/wp-content\/uploads\/2025\/05\/CW_0488-2-768x512.jpg\" alt=\"Stranociada\" width=\"768\" height=\"512\">\n                          \n        <div class=\"ue_timeline_item_content_inside\">\n                <div class=\"ue_timeline_item_title\" >2019: Re Pardo II<\/div>                <div class=\"ue_timeline_item_text\"><p>La Stranociada incorona il suo nuovo re: Regis Mayor diventa Re Pardo II e prende le veci di Mauro Trapletti.\u00a0<\/p><\/div>\t\n      \t          \n        <\/div>\n              <\/div>\n      \n            <div class=\"ue_timeline_item_pointer\">\n        <div class=\"ue_timeline_item_pointer_inside\"><\/div>\n      <\/div>\n            \n      <div class=\"ue_timeline_item_pointer_spacer\"><\/div>\n      \n    <\/div>\n  \n    <div class=\"ue_timeline_item_icon\">\n      <div class=\"ue_timeline_item_icon_line_offset\">\n      \t<div class=\"ue_timeline_item_icon_line_offset_mask ue_timeline_item_line_icon_holder\">\n          <div class=\"ue_timeline_item_line_floating_icon-offset ue_timeline_floating_icon\"><i class='fas fa-crown'><\/i><\/div>\n        <\/div>\n      <\/div>\n      <div class=\"ue_timeline_item_icon_holder\">\n                                      <\/div>\n      \n      <div class=\"ue_timeline_item_icon_line\">\n      \t<div class=\"ue_timeline_item_icon_line_mask ue_timeline_item_line_icon_holder\">\n          <div class=\"ue_timeline_item_line_floating_icon ue_timeline_floating_icon\"><i class='fas fa-crown'><\/i><\/div>\n        <\/div>\n      <\/div>\n      \n    <\/div>\n    <div class=\"ue_timeline_item_spacer\">\n        \t<\/div>\n  <\/div>\n\n<div class=\"ue_timeline_item elementor-repeater-item-a7545ff \" id=\"uc_unlimited_timeline_elementor_aeaa4a9_item7\">\n    <div class=\"ue_timeline_item_content\">\n      \n      <div class=\"ue_timeline_item_content_main\">\n        \n                                <img loading=\"lazy\" decoding=\"async\" class=\"ue_timeline_item_image\" src=\"https:\/\/stranociada.ch\/wp-content\/uploads\/2025\/05\/vittoria1-768x768.jpg\"  src=\"https:\/\/stranociada.ch\/wp-content\/uploads\/2025\/05\/vittoria1-768x768.jpg\" alt=\"vittoria1\" width=\"768\" height=\"768\">\n                          \n        <div class=\"ue_timeline_item_content_inside\">\n                <div class=\"ue_timeline_item_title\" >2016: Regina Vittoria I<\/div>                <div class=\"ue_timeline_item_text\"><p>Viene incoronata la nuova regina di Locarno: Roberta Althaus in arte regina Vittoria I.\u00a0<\/p><p>Massimo Dalessi riprende le veci di presidente dal dimissionario Mauro Bazzi.\u00a0<\/p><\/div>\t\n      \t          \n        <\/div>\n              <\/div>\n      \n            <div class=\"ue_timeline_item_pointer\">\n        <div class=\"ue_timeline_item_pointer_inside\"><\/div>\n      <\/div>\n            \n      <div class=\"ue_timeline_item_pointer_spacer\"><\/div>\n      \n    <\/div>\n  \n    <div class=\"ue_timeline_item_icon\">\n      <div class=\"ue_timeline_item_icon_line_offset\">\n      \t<div class=\"ue_timeline_item_icon_line_offset_mask ue_timeline_item_line_icon_holder\">\n          <div class=\"ue_timeline_item_line_floating_icon-offset ue_timeline_floating_icon\"><i class='fas fa-crown'><\/i><\/div>\n        <\/div>\n      <\/div>\n      <div class=\"ue_timeline_item_icon_holder\">\n                                      <\/div>\n      \n      <div class=\"ue_timeline_item_icon_line\">\n      \t<div class=\"ue_timeline_item_icon_line_mask ue_timeline_item_line_icon_holder\">\n          <div class=\"ue_timeline_item_line_floating_icon ue_timeline_floating_icon\"><i class='fas fa-crown'><\/i><\/div>\n        <\/div>\n      <\/div>\n      \n    <\/div>\n    <div class=\"ue_timeline_item_spacer\">\n        \t<\/div>\n  <\/div>\n\n<div class=\"ue_timeline_item elementor-repeater-item-9aea44e \" id=\"uc_unlimited_timeline_elementor_aeaa4a9_item8\">\n    <div class=\"ue_timeline_item_content\">\n      \n      <div class=\"ue_timeline_item_content_main\">\n        \n                                <img loading=\"lazy\" decoding=\"async\" class=\"ue_timeline_item_image\" src=\"https:\/\/stranociada.ch\/wp-content\/uploads\/2025\/05\/F62R1499-768x512.jpg\"  src=\"https:\/\/stranociada.ch\/wp-content\/uploads\/2025\/05\/F62R1499-768x512.jpg\" alt=\"F62R1499\" width=\"768\" height=\"512\">\n                          \n        <div class=\"ue_timeline_item_content_inside\">\n                <div class=\"ue_timeline_item_title\" >2010: Re Pardo I<\/div>                <div class=\"ue_timeline_item_text\"><p>Dopo svariati anni come repubblica, capitanata dallo storico Primo Ministro la Stranociada incorona il suo nuovo re: Re Pardo I (Mauro Trapletti).\u00a0<\/p><\/div>\t\n      \t          \n        <\/div>\n              <\/div>\n      \n            <div class=\"ue_timeline_item_pointer\">\n        <div class=\"ue_timeline_item_pointer_inside\"><\/div>\n      <\/div>\n            \n      <div class=\"ue_timeline_item_pointer_spacer\"><\/div>\n      \n    <\/div>\n  \n    <div class=\"ue_timeline_item_icon\">\n      <div class=\"ue_timeline_item_icon_line_offset\">\n      \t<div class=\"ue_timeline_item_icon_line_offset_mask ue_timeline_item_line_icon_holder\">\n          <div class=\"ue_timeline_item_line_floating_icon-offset ue_timeline_floating_icon\"><i class='fas fa-crown'><\/i><\/div>\n        <\/div>\n      <\/div>\n      <div class=\"ue_timeline_item_icon_holder\">\n                                      <\/div>\n      \n      <div class=\"ue_timeline_item_icon_line\">\n      \t<div class=\"ue_timeline_item_icon_line_mask ue_timeline_item_line_icon_holder\">\n          <div class=\"ue_timeline_item_line_floating_icon ue_timeline_floating_icon\"><i class='fas fa-crown'><\/i><\/div>\n        <\/div>\n      <\/div>\n      \n    <\/div>\n    <div class=\"ue_timeline_item_spacer\">\n        \t<\/div>\n  <\/div>\n\n<div class=\"ue_timeline_item elementor-repeater-item-52c2429 \" id=\"uc_unlimited_timeline_elementor_aeaa4a9_item9\">\n    <div class=\"ue_timeline_item_content\">\n      \n      <div class=\"ue_timeline_item_content_main\">\n        \n                                <img loading=\"lazy\" decoding=\"async\" class=\"ue_timeline_item_image\" src=\"https:\/\/stranociada.ch\/wp-content\/uploads\/2025\/05\/1T2G6561-768x512.jpg\"  src=\"https:\/\/stranociada.ch\/wp-content\/uploads\/2025\/05\/1T2G6561-768x512.jpg\" alt=\"1T2G6561\" width=\"768\" height=\"512\">\n                          \n        <div class=\"ue_timeline_item_content_inside\">\n                <div class=\"ue_timeline_item_title\" >La Repubblica<\/div>                <div class=\"ue_timeline_item_text\"><p>La Stranociada si afferma come evento a Locarno. Il comitato organizzativo,\u00a0 insieme al primo ministro, Philippe Richardet detto \"Richardonnet\" tengono le redini del carnevale.\u00a0<\/p><\/div>\t\n      \t          \n        <\/div>\n              <\/div>\n      \n            <div class=\"ue_timeline_item_pointer\">\n        <div class=\"ue_timeline_item_pointer_inside\"><\/div>\n      <\/div>\n            \n      <div class=\"ue_timeline_item_pointer_spacer\"><\/div>\n      \n    <\/div>\n  \n    <div class=\"ue_timeline_item_icon\">\n      <div class=\"ue_timeline_item_icon_line_offset\">\n      \t<div class=\"ue_timeline_item_icon_line_offset_mask ue_timeline_item_line_icon_holder\">\n          <div class=\"ue_timeline_item_line_floating_icon-offset ue_timeline_floating_icon\"><i class='fas fa-crown'><\/i><\/div>\n        <\/div>\n      <\/div>\n      <div class=\"ue_timeline_item_icon_holder\">\n                                      <\/div>\n      \n      <div class=\"ue_timeline_item_icon_line\">\n      \t<div class=\"ue_timeline_item_icon_line_mask ue_timeline_item_line_icon_holder\">\n          <div class=\"ue_timeline_item_line_floating_icon ue_timeline_floating_icon\"><i class='fas fa-crown'><\/i><\/div>\n        <\/div>\n      <\/div>\n      \n    <\/div>\n    <div class=\"ue_timeline_item_spacer\">\n        \t<\/div>\n  <\/div>\n\n<div class=\"ue_timeline_item elementor-repeater-item-a24fa1b \" id=\"uc_unlimited_timeline_elementor_aeaa4a9_item10\">\n    <div class=\"ue_timeline_item_content\">\n      \n      <div class=\"ue_timeline_item_content_main\">\n        \n                                <img loading=\"lazy\" decoding=\"async\" class=\"ue_timeline_item_image\" src=\"https:\/\/stranociada.ch\/wp-content\/uploads\/2025\/06\/stranociada-old.jpg\"  src=\"https:\/\/stranociada.ch\/wp-content\/uploads\/2025\/06\/stranociada-old.jpg\" alt=\"stranociada-old\" width=\"768\" height=\"512\">\n                          \n        <div class=\"ue_timeline_item_content_inside\">\n                <div class=\"ue_timeline_item_title\" >1998: la fondazione<\/div>                <div class=\"ue_timeline_item_text\"><p>Nell'autunno del 1998 viene fondata l'associazione Locarnaval, con l'obiettivo di organizzare ogni anno il carnevale di Locarno, da ora denominato La Stranociada, la notte durante la quale non si chiude occhio!\u00a0<\/p><\/div>\t\n      \t          \n        <\/div>\n              <\/div>\n      \n            <div class=\"ue_timeline_item_pointer\">\n        <div class=\"ue_timeline_item_pointer_inside\"><\/div>\n      <\/div>\n            \n      <div class=\"ue_timeline_item_pointer_spacer\"><\/div>\n      \n    <\/div>\n  \n    <div class=\"ue_timeline_item_icon\">\n      <div class=\"ue_timeline_item_icon_line_offset\">\n      \t<div class=\"ue_timeline_item_icon_line_offset_mask ue_timeline_item_line_icon_holder\">\n          <div class=\"ue_timeline_item_line_floating_icon-offset ue_timeline_floating_icon\"><i class='fas fa-crown'><\/i><\/div>\n        <\/div>\n      <\/div>\n      <div class=\"ue_timeline_item_icon_holder\">\n                                      <\/div>\n      \n      <div class=\"ue_timeline_item_icon_line\">\n      \t<div class=\"ue_timeline_item_icon_line_mask ue_timeline_item_line_icon_holder\">\n          <div class=\"ue_timeline_item_line_floating_icon ue_timeline_floating_icon\"><i class='fas fa-crown'><\/i><\/div>\n        <\/div>\n      <\/div>\n      \n    <\/div>\n    <div class=\"ue_timeline_item_spacer\">\n        \t<\/div>\n  <\/div>\n \n<\/div>\n<!-- end Unlimited Timeline -->\t\t\t\t<\/div>\n\t\t\t\t<\/div>\n\t\t\t\t<div class=\"elementor-element elementor-element-fd741ad elementor-widget elementor-widget-spacer\" data-id=\"fd741ad\" data-element_type=\"widget\" data-widget_type=\"spacer.default\">\n\t\t\t\t<div class=\"elementor-widget-container\">\n\t\t\t\t\t\t\t<div class=\"elementor-spacer\">\n\t\t\t<div class=\"elementor-spacer-inner\"><\/div>\n\t\t<\/div>\n\t\t\t\t\t\t<\/div>\n\t\t\t\t<\/div>\n\t\t\t\t\t<\/div>\n\t\t\t\t<\/div>\n\t\t\t\t<\/div>\n\t\t","protected":false},"excerpt":{"rendered":"<p>C&#8217;era una volta&#8230; La leggenda di due re&#8230; Molto tempo prima che nascesse la Stranociada, in una Locarno pi\u00f9 lenta e sognante, ma gi\u00e0 piena di spirito, il carnevale si celebrava con fantasia, bicchieri alzati e travestimenti improvvisati. Le strade non erano illuminate a festa, ma bastavano un cilindro, un po\u2019 di musica e tanta [&hellip;]<\/p>\n","protected":false},"author":1,"featured_media":0,"parent":0,"menu_order":0,"comment_status":"closed","ping_status":"closed","template":"","meta":{"_gspb_post_css":"","_monsterinsights_skip_tracking":false,"_monsterinsights_sitenote_active":false,"_monsterinsights_sitenote_note":"","_monsterinsights_sitenote_category":0,"footnotes":""},"class_list":["post-806","page","type-page","status-publish","hentry"],"aioseo_notices":[],"_links":{"self":[{"href":"https:\/\/stranociada.ch\/index.php\/wp-json\/wp\/v2\/pages\/806","targetHints":{"allow":["GET"]}}],"collection":[{"href":"https:\/\/stranociada.ch\/index.php\/wp-json\/wp\/v2\/pages"}],"about":[{"href":"https:\/\/stranociada.ch\/index.php\/wp-json\/wp\/v2\/types\/page"}],"author":[{"embeddable":true,"href":"https:\/\/stranociada.ch\/index.php\/wp-json\/wp\/v2\/users\/1"}],"replies":[{"embeddable":true,"href":"https:\/\/stranociada.ch\/index.php\/wp-json\/wp\/v2\/comments?post=806"}],"version-history":[{"count":57,"href":"https:\/\/stranociada.ch\/index.php\/wp-json\/wp\/v2\/pages\/806\/revisions"}],"predecessor-version":[{"id":1661,"href":"https:\/\/stranociada.ch\/index.php\/wp-json\/wp\/v2\/pages\/806\/revisions\/1661"}],"wp:attachment":[{"href":"https:\/\/stranociada.ch\/index.php\/wp-json\/wp\/v2\/media?parent=806"}],"curies":[{"name":"wp","href":"https:\/\/api.w.org\/{rel}","templated":true}]}}